{"id":289,"date":"2019-02-13T10:42:47","date_gmt":"2019-02-13T10:42:47","guid":{"rendered":"http:\/\/kutschfahrten-spessart.de\/?page_id=289"},"modified":"2025-06-24T09:19:35","modified_gmt":"2025-06-24T09:19:35","slug":"unsere-preise","status":"publish","type":"page","link":"http:\/\/kutschfahrten-spessart.de\/?page_id=289","title":{"rendered":"Unsere Preise"},"content":{"rendered":"\n<p class=\"has-medium-font-size\"><\/p>\n\n\n\n<p><\/p>\n\n\n\n<p class=\"has-medium-font-size\"><\/p>\n\n\n\n<div class=\"wp-block-columns alignwide is-layout-flex wp-container-core-columns-is-layout-9d6595d7 wp-block-columns-is-layout-flex\">\n<div class=\"wp-block-column has-text-color has-background has-link-color wp-elements-4141d084e8e7f341b83d788733f2fdb5 is-layout-flow wp-block-column-is-layout-flow\" style=\"color:#000000;background-color:#efffff;padding-top:2em;padding-right:2em;padding-bottom:2em;padding-left:2em\">\n<p class=\"has-medium-font-size\" id=\"single\"><strong>Planwagenfahrt<\/strong><\/p>\n\n\n\n<p><strong>Lustige Gesellschaftsfahrt<\/strong><\/p>\n\n\n\n<p class=\"has-small-font-size\" style=\"line-height:1.5\"> f\u00fcr alle Anl\u00e4sse mit Freunden oder mit der Familie<\/p>\n\n\n\n<hr class=\"wp-block-separator has-text-color has-css-opacity has-background is-style-wide\" style=\"background-color:#000000;color:#000000\"\/>\n\n\n\n<ul class=\"wp-block-list has-normal-font-size\">\n<li>Maximal 10 Personen <\/li>\n\n\n\n<li>2,5-3 Stunden Fahrt durch den Spessart <\/li>\n\n\n\n<li>Abfahrt Bahnhof Kleinwallstadt oder Old Shanty Ranch<\/li>\n\n\n\n<li>Getr\u00e4nke exclusive<\/li>\n\n\n\n<li>Vesperbrett auf Wunsch (12\u20ac pro Person)<\/li>\n<\/ul>\n\n\n\n<div class=\"wp-block-buttons alignfull is-horizontal is-content-justification-center is-layout-flex wp-container-core-buttons-is-layout-499968f5 wp-block-buttons-is-layout-flex\">\n<div class=\"wp-block-button has-custom-width wp-block-button__width-100\"><a class=\"wp-block-button__link has-white-color has-text-color has-background no-border-radius wp-element-button\" style=\"background-color:#000000\">290\u20ac<\/a><\/div>\n<\/div>\n<\/div>\n\n\n\n<div class=\"wp-block-column has-text-color has-background has-link-color wp-elements-62cf56323689ef07ce95d185c27c3aea is-layout-flow wp-block-column-is-layout-flow\" style=\"color:#000000;background-color:#efffff;padding-top:2em;padding-right:2em;padding-bottom:2em;padding-left:2em\">\n<p class=\"has-medium-font-size\" id=\"family\"><strong>Kutschfahrt<\/strong><\/p>\n\n\n\n<p><strong>Romantische Ausfahrt<\/strong>  <strong>in<\/strong> <strong>der Kutsche<\/strong><\/p>\n\n\n\n<p class=\"has-small-font-size\" style=\"line-height:1.5\">Ideal auch als Geschenk zum Geburtstag oder zur Hochzeit<\/p>\n\n\n\n<hr class=\"wp-block-separator has-css-opacity is-style-wide\"\/>\n\n\n\n<ul class=\"wp-block-list has-normal-font-size\">\n<li>Maximal 4 Personen<\/li>\n\n\n\n<li>Dauer 1,5-2 Std. Fahrt durch den Spessart<\/li>\n\n\n\n<li>Abfahrt Kleinwallstadt oder Hofstetten und auf Anfrage<\/li>\n\n\n\n<li>auf Wunsch Picknickkorb mit Speisen und Getr\u00e4nken<\/li>\n<\/ul>\n\n\n\n<div class=\"wp-block-buttons alignfull is-horizontal is-content-justification-center is-layout-flex wp-container-core-buttons-is-layout-499968f5 wp-block-buttons-is-layout-flex\">\n<div class=\"wp-block-button has-custom-width wp-block-button__width-100 is-style-fill\"><a class=\"wp-block-button__link has-white-color has-text-color has-background no-border-radius wp-element-button\" style=\"background-color:#000000\">150\u20ac<\/a><\/div>\n<\/div>\n<\/div>\n\n\n\n<div class=\"wp-block-column has-text-color has-background has-link-color wp-elements-f2e36a439e9784803ef3cd50c7a9b295 is-layout-flow wp-block-column-is-layout-flow\" style=\"color:#000000;background-color:#efffff;padding-top:2em;padding-right:2em;padding-bottom:2em;padding-left:2em\">\n<p class=\"has-medium-font-size\" id=\"patron\"><strong>Old Shanty Express<\/strong><\/p>\n\n\n\n<p style=\"font-size:18px\"><strong>Das ultimative Event in der Postkutsche<\/strong><\/p>\n\n\n\n<p class=\"has-small-font-size\">F\u00fcr Alle die das Besondere lieben. Du und Dein Lieblingsmensch<\/p>\n\n\n\n<hr class=\"wp-block-separator has-css-opacity is-style-wide\"\/>\n\n\n\n<ul class=\"wp-block-list has-normal-font-size\">\n<li>Maximal 4 Personen oder ein P\u00e4rchen <\/li>\n\n\n\n<li>Dauer 1,5 Std. Fahrt rund um die            Old Shanty Ranch<\/li>\n\n\n\n<li>Getr\u00e4nke &amp; Snacks inclusive<\/li>\n\n\n\n<li>Abfahrt nur von der Old Shanty Ranch m\u00f6glich<\/li>\n<\/ul>\n\n\n\n<div class=\"wp-block-buttons alignfull is-horizontal is-content-justification-center is-layout-flex wp-container-core-buttons-is-layout-499968f5 wp-block-buttons-is-layout-flex\">\n<div class=\"wp-block-button has-custom-width wp-block-button__width-100\"><a class=\"wp-block-button__link has-white-color has-text-color has-background no-border-radius wp-element-button\" style=\"background-color:#000000\">auf Anfrage<\/a><\/div>\n<\/div>\n<\/div>\n<\/div>\n\n\n\n<p class=\"has-vivid-red-color has-text-color\"><\/p>\n\n\n\n<div class=\"wp-block-columns is-layout-flex wp-container-core-columns-is-layout-9d6595d7 wp-block-columns-is-layout-flex\">\n<div class=\"wp-block-column is-layout-flow wp-block-column-is-layout-flow\"><\/div>\n\n\n\n<div class=\"wp-block-column is-layout-flow wp-block-column-is-layout-flow\"><\/div>\n\n\n\n<div class=\"wp-block-column is-layout-flow wp-block-column-is-layout-flow\"><\/div>\n<\/div>\n\n\n\n<div class=\"wp-block-columns alignwide is-layout-flex wp-container-core-columns-is-layout-9d6595d7 wp-block-columns-is-layout-flex\">\n<div class=\"wp-block-column has-text-color has-background has-link-color wp-elements-9e9322e99e60515c1ffab9e58994352a is-layout-flow wp-block-column-is-layout-flow\" style=\"color:#000000;background-color:#efffff;padding-top:2em;padding-right:2em;padding-bottom:2em;padding-left:2em\">\n<p id=\"single\"><strong>Fahrunterricht<\/strong><\/p>\n\n\n\n<p class=\"has-normal-font-size\" style=\"line-height:1.5\"><strong>Fahrluftschnuppern ohne Pr\u00fcfungszwang<\/strong> <\/p>\n\n\n\n<hr class=\"wp-block-separator has-text-color has-css-opacity has-background is-style-wide\" style=\"background-color:#000000;color:#000000\"\/>\n\n\n\n<ul class=\"wp-block-list has-normal-font-size\">\n<li>Sicherer Umgang mit Pferd und Kutsche<\/li>\n\n\n\n<li>Gesunderhaltung und Zufriedenheit f\u00fcr Dein Pferd<\/li>\n\n\n\n<li>Fahrspa\u00df und Teamwork mit dem Pferd<\/li>\n<\/ul>\n\n\n\n<div class=\"wp-block-buttons alignfull is-horizontal is-content-justification-center is-layout-flex wp-container-core-buttons-is-layout-499968f5 wp-block-buttons-is-layout-flex\">\n<div class=\"wp-block-button has-custom-width wp-block-button__width-100\"><a class=\"wp-block-button__link has-white-color has-text-color has-background no-border-radius wp-element-button\" style=\"background-color:#000000\">55\u20ac\/45min<\/a><\/div>\n<\/div>\n<\/div>\n\n\n\n<div class=\"wp-block-column has-text-color has-background has-link-color wp-elements-b8c210846612dacefca69be7fdad26fd is-layout-flow wp-block-column-is-layout-flow\" style=\"color:#000000;background-color:#efffff;padding-top:2em;padding-right:2em;padding-bottom:2em;padding-left:2em\">\n<p id=\"family\">Doppellonge<\/p>\n\n\n\n<p class=\"has-normal-font-size\" style=\"line-height:1.5\"><strong>Training mit der Doppellonge<\/strong><\/p>\n\n\n\n<hr class=\"wp-block-separator has-css-opacity is-style-wide\"\/>\n\n\n\n<ul class=\"wp-block-list has-normal-font-size\">\n<li>Gymnastizierung des Pferdes<\/li>\n\n\n\n<li>Aus und Weiterbildung<\/li>\n\n\n\n<li>Disziplin\u00fcbergreifend<\/li>\n\n\n\n<li>Schwehrpunkte trainieren und Probleme l\u00f6sen<\/li>\n<\/ul>\n\n\n\n<div class=\"wp-block-buttons alignfull is-horizontal is-content-justification-center is-layout-flex wp-container-core-buttons-is-layout-499968f5 wp-block-buttons-is-layout-flex\">\n<div class=\"wp-block-button has-custom-width wp-block-button__width-100 is-style-fill\"><a class=\"wp-block-button__link has-white-color has-text-color has-background no-border-radius wp-element-button\" style=\"background-color:#000000\">45\u20ac\/45min<\/a><\/div>\n<\/div>\n<\/div>\n\n\n\n<div class=\"wp-block-column has-text-color has-background has-link-color wp-elements-86923c148562794ff27a54b9e294c94c is-layout-flow wp-block-column-is-layout-flow\" style=\"color:#000000;background-color:#efffff;padding-top:2em;padding-right:2em;padding-bottom:2em;padding-left:2em\">\n<p id=\"patron\">Fahrpferd<\/p>\n\n\n\n<p class=\"has-normal-font-size\"><strong>Ausbildung zum Kutschpferd <\/strong><\/p>\n\n\n\n<hr class=\"wp-block-separator has-css-opacity is-style-wide\"\/>\n\n\n\n<ul class=\"wp-block-list has-normal-font-size\">\n<li>Schonende Vorbereitung <\/li>\n\n\n\n<li>Korrektur und weitere Ausbildung zum sicheren Fahrpferd<\/li>\n\n\n\n<li>Sicher unterwegs im Gel\u00e4nde und im Stra\u00dfenverkehr<\/li>\n<\/ul>\n\n\n\n<div class=\"wp-block-buttons alignfull is-horizontal is-content-justification-center is-layout-flex wp-container-core-buttons-is-layout-499968f5 wp-block-buttons-is-layout-flex\">\n<div class=\"wp-block-button has-custom-width wp-block-button__width-100\"><a class=\"wp-block-button__link has-white-color has-text-color has-background no-border-radius wp-element-button\" style=\"background-color:#000000\">auf Anfrage<\/a><\/div>\n<\/div>\n<\/div>\n<\/div>\n\n\n\n<pre class=\"wp-block-preformatted\"><\/pre>\n\n\n\n<div class=\"wp-block-columns alignwide is-layout-flex wp-container-core-columns-is-layout-9d6595d7 wp-block-columns-is-layout-flex\">\n<div class=\"wp-block-column has-text-color has-background has-link-color wp-elements-6dd9a40055a1a2909a035d861fd5760c is-layout-flow wp-block-column-is-layout-flow\" style=\"color:#000000;background-color:#efffff;padding-top:2em;padding-right:2em;padding-bottom:2em;padding-left:2em\">\n<h2 class=\"wp-block-heading\" id=\"single\" style=\"font-size:40px\"><strong>Urlaub<\/strong><\/h2>\n\n\n\n<p class=\"has-normal-font-size\" style=\"line-height:1.5\">f\u00fcr Wanderer, Radfahrer Kutschfahrer und Reiter<\/p>\n\n\n\n<hr class=\"wp-block-separator has-text-color has-css-opacity has-background is-style-wide\" style=\"background-color:#000000;color:#000000\"\/>\n\n\n\n<ul class=\"wp-block-list has-normal-font-size\">\n<li>Doppelzimmer max 2 Personen<\/li>\n\n\n\n<li>TV<\/li>\n\n\n\n<li> eigenes Bad\/ Dusche\/WC<\/li>\n<\/ul>\n\n\n\n<div class=\"wp-block-buttons alignfull is-horizontal is-content-justification-center is-layout-flex wp-container-core-buttons-is-layout-499968f5 wp-block-buttons-is-layout-flex\">\n<div class=\"wp-block-button has-custom-width wp-block-button__width-100\"><a class=\"wp-block-button__link has-white-color has-text-color has-background no-border-radius wp-element-button\" style=\"background-color:#000000\">65\u20ac\/Person zzgl. Endreinigung 25\u20ac<\/a><\/div>\n<\/div>\n<\/div>\n\n\n\n<div class=\"wp-block-column has-text-color has-background has-link-color wp-elements-218acb708b9f7ebe4dc6e34c33c2d055 is-layout-flow wp-block-column-is-layout-flow\" style=\"color:#000000;background-color:#efffff;padding-top:2em;padding-right:2em;padding-bottom:2em;padding-left:2em\">\n<h2 class=\"wp-block-heading\" id=\"family\" style=\"font-size:40px\"><strong>mit Hund<\/strong><\/h2>\n\n\n\n<p class=\"has-normal-font-size\" style=\"line-height:1.5\">na klar darf er mit, geh\u00f6rt doch zur Familie<\/p>\n\n\n\n<hr class=\"wp-block-separator has-css-opacity is-style-wide\"\/>\n\n\n\n<ul class=\"wp-block-list has-normal-font-size\">\n<li>Wasser- und Futternapf auf dem Zimmer<\/li>\n\n\n\n<li>Hundedecke <\/li>\n\n\n\n<li>Begr\u00fc\u00dfungssnack f\u00fcr Ihre Fellnase<\/li>\n<\/ul>\n\n\n\n<div class=\"wp-block-buttons alignfull is-horizontal is-content-justification-center is-layout-flex wp-container-core-buttons-is-layout-499968f5 wp-block-buttons-is-layout-flex\">\n<div class=\"wp-block-button has-custom-width wp-block-button__width-100 is-style-fill\"><a class=\"wp-block-button__link has-white-color has-text-color has-background no-border-radius wp-element-button\" style=\"background-color:#000000\">10\u20ac\/Tag<\/a><\/div>\n<\/div>\n<\/div>\n\n\n\n<div class=\"wp-block-column has-text-color has-background has-link-color wp-elements-9cdd0de55493879a73819200aeff6bad is-layout-flow wp-block-column-is-layout-flow\" style=\"color:#000000;background-color:#efffff;padding-top:2em;padding-right:2em;padding-bottom:2em;padding-left:2em\">\n<h2 class=\"wp-block-heading\" id=\"patron\" style=\"font-size:40px\"><strong>mit Pferd<\/strong><\/h2>\n\n\n\n<p class=\"has-normal-font-size\">f\u00fcr Reiter und f\u00fcr Kutschfahrer<\/p>\n\n\n\n<hr class=\"wp-block-separator has-css-opacity is-style-wide\"\/>\n\n\n\n<ul class=\"wp-block-list has-normal-font-size\">\n<li>Unterbringung Koppel mit Weidezelt<\/li>\n\n\n\n<li>inklusive Heu <\/li>\n\n\n\n<li>Kraftfutter exclusive<\/li>\n\n\n\n<li>Paddockboxen auf Anfrage<\/li>\n<\/ul>\n\n\n\n<div class=\"wp-block-buttons alignfull is-horizontal is-content-justification-center is-layout-flex wp-container-core-buttons-is-layout-499968f5 wp-block-buttons-is-layout-flex\">\n<div class=\"wp-block-button has-custom-width wp-block-button__width-100\"><a class=\"wp-block-button__link has-white-color has-text-color has-background no-border-radius wp-element-button\" style=\"background-color:#000000\">25\u20ac\/Tag<\/a><\/div>\n<\/div>\n<\/div>\n<\/div>\n\n\n\n<h2 class=\"wp-block-heading\"><\/h2>\n\n\n\n<p class=\"has-black-color has-text-color\"><\/p>\n\n\n\n<p class=\"has-black-color has-text-color has-medium-font-size\"><mark style=\"background-color:rgba(0, 0, 0, 0)\" class=\"has-inline-color has-black-color\"><strong>Gerne erstellen wir Ihnen auch ein individuelles Programm. <\/strong><\/mark><\/p>\n\n\n\n<p class=\"has-medium-font-size\"><mark style=\"background-color:rgba(0, 0, 0, 0)\" class=\"has-inline-color has-luminous-vivid-orange-color\">Bitte haben sie Verst\u00e4ndnis, dass bei Terminreservierung der volle Betrag f\u00fcr die gew\u00fcnschte Leistung f\u00e4llig ist.<\/mark><\/p>\n\n\n\n<h2 class=\"wp-block-heading has-text-align-left has-medium-font-size\"><strong>Alle Preise inkl. der gesetzl. Mwst.<\/strong><\/h2>\n\n\n\n<p><\/p>\n","protected":false},"excerpt":{"rendered":"<p>Planwagenfahrt Lustige Gesellschaftsfahrt f\u00fcr alle Anl\u00e4sse mit Freunden oder mit der Familie Kutschfahrt Romantische Ausfahrt in der Kutsche Ideal auch als Geschenk zum Geburtstag oder zur Hochzeit Old Shanty Express Das ultimative Event in der Postkutsche F\u00fcr Alle die das Besondere lieben. Du und Dein Lieblingsmensch Fahrunterricht Fahrluftschnuppern ohne Pr\u00fcfungszwang Doppellonge Training mit der Doppellonge Fahrpferd Ausbildung zum Kutschpferd Urlaub f\u00fcr Wanderer, Radfahrer Kutschfahrer und Reiter mit Hund na klar darf er mit, geh\u00f6rt doch zur Familie mit Pferd f\u00fcr Reiter und f\u00fcr Kutschfahrer Gerne erstellen wir Ihnen auch ein individuelles Programm. Bitte haben sie Verst\u00e4ndnis, dass bei Terminreservierung der&#8230; <\/p>\n","protected":false},"author":2,"featured_media":0,"parent":0,"menu_order":0,"comment_status":"closed","ping_status":"closed","template":"","meta":{"footnotes":""},"class_list":["post-289","page","type-page","status-publish","hentry"],"yoast_head":"<!-- This site is optimized with the Yoast SEO plugin v27.5 - https:\/\/yoast.com\/product\/yoast-seo-wordpress\/ -->\n<title>Unsere Preise - kutschfahrten-spessart<\/title>\n<meta name=\"robots\" content=\"index, follow, max-snippet:-1, max-image-preview:large, max-video-preview:-1\" \/>\n<link rel=\"canonical\" href=\"https:\/\/kutschfahrten-spessart.de\/?page_id=289\" \/>\n<meta property=\"og:locale\" content=\"de_DE\" \/>\n<meta property=\"og:type\" content=\"article\" \/>\n<meta property=\"og:title\" content=\"Unsere Preise - kutschfahrten-spessart\" \/>\n<meta property=\"og:description\" content=\"Planwagenfahrt Lustige Gesellschaftsfahrt f\u00fcr alle Anl\u00e4sse mit Freunden oder mit der Familie Kutschfahrt Romantische Ausfahrt in der Kutsche Ideal auch als Geschenk zum Geburtstag oder zur Hochzeit Old Shanty Express Das ultimative Event in der Postkutsche F\u00fcr Alle die das Besondere lieben. Du und Dein Lieblingsmensch Fahrunterricht Fahrluftschnuppern ohne Pr\u00fcfungszwang Doppellonge Training mit der Doppellonge Fahrpferd Ausbildung zum Kutschpferd Urlaub f\u00fcr Wanderer, Radfahrer Kutschfahrer und Reiter mit Hund na klar darf er mit, geh\u00f6rt doch zur Familie mit Pferd f\u00fcr Reiter und f\u00fcr Kutschfahrer Gerne erstellen wir Ihnen auch ein individuelles Programm. Bitte haben sie Verst\u00e4ndnis, dass bei Terminreservierung der...\" \/>\n<meta property=\"og:url\" content=\"https:\/\/kutschfahrten-spessart.de\/?page_id=289\" \/>\n<meta property=\"og:site_name\" content=\"kutschfahrten-spessart\" \/>\n<meta property=\"article:modified_time\" content=\"2025-06-24T09:19:35+00:00\" \/>\n<meta name=\"twitter:card\" content=\"summary_large_image\" \/>\n<meta name=\"twitter:label1\" content=\"Gesch\u00e4tzte Lesezeit\" \/>\n\t<meta name=\"twitter:data1\" content=\"2\u00a0Minuten\" \/>\n<script type=\"application\/ld+json\" class=\"yoast-schema-graph\">{\"@context\":\"https:\\\/\\\/schema.org\",\"@graph\":[{\"@type\":\"WebPage\",\"@id\":\"https:\\\/\\\/kutschfahrten-spessart.de\\\/?page_id=289\",\"url\":\"https:\\\/\\\/kutschfahrten-spessart.de\\\/?page_id=289\",\"name\":\"Unsere Preise - kutschfahrten-spessart\",\"isPartOf\":{\"@id\":\"https:\\\/\\\/kutschfahrten-spessart.de\\\/#website\"},\"datePublished\":\"2019-02-13T10:42:47+00:00\",\"dateModified\":\"2025-06-24T09:19:35+00:00\",\"breadcrumb\":{\"@id\":\"https:\\\/\\\/kutschfahrten-spessart.de\\\/?page_id=289#breadcrumb\"},\"inLanguage\":\"de\",\"potentialAction\":[{\"@type\":\"ReadAction\",\"target\":[\"https:\\\/\\\/kutschfahrten-spessart.de\\\/?page_id=289\"]}]},{\"@type\":\"BreadcrumbList\",\"@id\":\"https:\\\/\\\/kutschfahrten-spessart.de\\\/?page_id=289#breadcrumb\",\"itemListElement\":[{\"@type\":\"ListItem\",\"position\":1,\"name\":\"Startseite\",\"item\":\"https:\\\/\\\/kutschfahrten-spessart.de\\\/\"},{\"@type\":\"ListItem\",\"position\":2,\"name\":\"Unsere Preise\"}]},{\"@type\":\"WebSite\",\"@id\":\"https:\\\/\\\/kutschfahrten-spessart.de\\\/#website\",\"url\":\"https:\\\/\\\/kutschfahrten-spessart.de\\\/\",\"name\":\"kutschfahrten-spessart\",\"description\":\"Faszination Kutschfahren im Spessart\",\"potentialAction\":[{\"@type\":\"SearchAction\",\"target\":{\"@type\":\"EntryPoint\",\"urlTemplate\":\"https:\\\/\\\/kutschfahrten-spessart.de\\\/?s={search_term_string}\"},\"query-input\":{\"@type\":\"PropertyValueSpecification\",\"valueRequired\":true,\"valueName\":\"search_term_string\"}}],\"inLanguage\":\"de\"}]}<\/script>\n<!-- \/ Yoast SEO plugin. -->","yoast_head_json":{"title":"Unsere Preise - kutschfahrten-spessart","robots":{"index":"index","follow":"follow","max-snippet":"max-snippet:-1","max-image-preview":"max-image-preview:large","max-video-preview":"max-video-preview:-1"},"canonical":"https:\/\/kutschfahrten-spessart.de\/?page_id=289","og_locale":"de_DE","og_type":"article","og_title":"Unsere Preise - kutschfahrten-spessart","og_description":"Planwagenfahrt Lustige Gesellschaftsfahrt f\u00fcr alle Anl\u00e4sse mit Freunden oder mit der Familie Kutschfahrt Romantische Ausfahrt in der Kutsche Ideal auch als Geschenk zum Geburtstag oder zur Hochzeit Old Shanty Express Das ultimative Event in der Postkutsche F\u00fcr Alle die das Besondere lieben. Du und Dein Lieblingsmensch Fahrunterricht Fahrluftschnuppern ohne Pr\u00fcfungszwang Doppellonge Training mit der Doppellonge Fahrpferd Ausbildung zum Kutschpferd Urlaub f\u00fcr Wanderer, Radfahrer Kutschfahrer und Reiter mit Hund na klar darf er mit, geh\u00f6rt doch zur Familie mit Pferd f\u00fcr Reiter und f\u00fcr Kutschfahrer Gerne erstellen wir Ihnen auch ein individuelles Programm. Bitte haben sie Verst\u00e4ndnis, dass bei Terminreservierung der...","og_url":"https:\/\/kutschfahrten-spessart.de\/?page_id=289","og_site_name":"kutschfahrten-spessart","article_modified_time":"2025-06-24T09:19:35+00:00","twitter_card":"summary_large_image","twitter_misc":{"Gesch\u00e4tzte Lesezeit":"2\u00a0Minuten"},"schema":{"@context":"https:\/\/schema.org","@graph":[{"@type":"WebPage","@id":"https:\/\/kutschfahrten-spessart.de\/?page_id=289","url":"https:\/\/kutschfahrten-spessart.de\/?page_id=289","name":"Unsere Preise - kutschfahrten-spessart","isPartOf":{"@id":"https:\/\/kutschfahrten-spessart.de\/#website"},"datePublished":"2019-02-13T10:42:47+00:00","dateModified":"2025-06-24T09:19:35+00:00","breadcrumb":{"@id":"https:\/\/kutschfahrten-spessart.de\/?page_id=289#breadcrumb"},"inLanguage":"de","potentialAction":[{"@type":"ReadAction","target":["https:\/\/kutschfahrten-spessart.de\/?page_id=289"]}]},{"@type":"BreadcrumbList","@id":"https:\/\/kutschfahrten-spessart.de\/?page_id=289#breadcrumb","itemListElement":[{"@type":"ListItem","position":1,"name":"Startseite","item":"https:\/\/kutschfahrten-spessart.de\/"},{"@type":"ListItem","position":2,"name":"Unsere Preise"}]},{"@type":"WebSite","@id":"https:\/\/kutschfahrten-spessart.de\/#website","url":"https:\/\/kutschfahrten-spessart.de\/","name":"kutschfahrten-spessart","description":"Faszination Kutschfahren im Spessart","potentialAction":[{"@type":"SearchAction","target":{"@type":"EntryPoint","urlTemplate":"https:\/\/kutschfahrten-spessart.de\/?s={search_term_string}"},"query-input":{"@type":"PropertyValueSpecification","valueRequired":true,"valueName":"search_term_string"}}],"inLanguage":"de"}]}},"_links":{"self":[{"href":"http:\/\/kutschfahrten-spessart.de\/index.php?rest_route=\/wp\/v2\/pages\/289","targetHints":{"allow":["GET"]}}],"collection":[{"href":"http:\/\/kutschfahrten-spessart.de\/index.php?rest_route=\/wp\/v2\/pages"}],"about":[{"href":"http:\/\/kutschfahrten-spessart.de\/index.php?rest_route=\/wp\/v2\/types\/page"}],"author":[{"embeddable":true,"href":"http:\/\/kutschfahrten-spessart.de\/index.php?rest_route=\/wp\/v2\/users\/2"}],"replies":[{"embeddable":true,"href":"http:\/\/kutschfahrten-spessart.de\/index.php?rest_route=%2Fwp%2Fv2%2Fcomments&post=289"}],"version-history":[{"count":63,"href":"http:\/\/kutschfahrten-spessart.de\/index.php?rest_route=\/wp\/v2\/pages\/289\/revisions"}],"predecessor-version":[{"id":515,"href":"http:\/\/kutschfahrten-spessart.de\/index.php?rest_route=\/wp\/v2\/pages\/289\/revisions\/515"}],"wp:attachment":[{"href":"http:\/\/kutschfahrten-spessart.de\/index.php?rest_route=%2Fwp%2Fv2%2Fmedia&parent=289"}],"curies":[{"name":"wp","href":"https:\/\/api.w.org\/{rel}","templated":true}]}}